{"id":151,"date":"2023-09-25T15:18:30","date_gmt":"2023-09-25T14:18:30","guid":{"rendered":"https:\/\/ambrabat.esteri.it\/chi-siamo\/contatti\/"},"modified":"2025-10-21T11:42:09","modified_gmt":"2025-10-21T10:42:09","slug":"contatti","status":"publish","type":"page","link":"https:\/\/ambrabat.esteri.it\/fr\/chi-siamo\/contatti\/","title":{"rendered":"Contacts"},"content":{"rendered":"<p><strong>Standard<\/strong> :\u00a0 \u00a0 \u00a0 \u00a0 \u00a0 \u00a0 \u00a0 \u00a0 \u00a0 \u00a0 \u00a0 \u00a0 \u00a0 \u00a0 \u00a0 \u00a0 \u00a0 <strong>+212.537.267.604<\/strong><\/p>\n<p><strong>Secr\u00e9tariat de l\u2019Ambassadeur:\u00a0\u00a0\u00a0\u00a0\u00a0\u00a0 +212.537.219.760\/61<\/strong>\u00a0\u00a0\u00a0\u00a0\u00a0\u00a0\u00a0\u00a0\u00a0\u00a0<a href=\"mailto:segreteria.rabat@esteri.it\">segreteria.rabat@esteri.it<\/a><\/p>\n<p><strong>Bureau Commercial<\/strong> :\u00a0\u00a0\u00a0\u00a0 \u00a0\u00a0\u00a0\u00a0 \u00a0<strong>+212.537.219.762<\/strong>\u00a0\u00a0\u00a0\u00a0\u00a0\u00a0\u00a0\u00a0\u00a0\u00a0\u00a0\u00a0\u00a0\u00a0\u00a0\u00a0 \u00a0\u00a0\u00a0\u00a0\u00a0\u00a0\u00a0\u00a0\u00a0\u00a0\u00a0 \u00a0\u00a0 <a href=\"mailto:commerciale.rabat@esteri.it\">commerciale.rabat@esteri.it<\/a><\/p>\n<p><strong>Bureau des Visas\u00a0:\u00a0\u00a0\u00a0\u00a0\u00a0\u00a0\u00a0\u00a0\u00a0 \u00a0\u00a0\u00a0\u00a0\u00a0 \u00a0+212.537.219.740\/41<\/strong>\u00a0\u00a0\u00a0\u00a0\u00a0\u00a0\u00a0\u00a0\u00a0\u00a0\u00a0\u00a0\u00a0\u00a0\u00a0\u00a0\u00a0\u00a0\u00a0\u00a0\u00a0\u00a0\u00a0 <a href=\"mailto:visa.rabat@esteri.itATTENZIONE\">visa.rabat@esteri.it<\/a><\/p>\n<p>Pour plus d&rsquo;informations sur les visas, veuillez contacter<\/p>\n<p><strong>VFS GLOBAL\u00a0 \u00a0 \u00a0 \u00a0 \u00a0 \u00a0 \u00a0 \u00a0 \u00a0 \u00a0 \u00a0 \u00a0 \u00a0 <\/strong><strong>+212.520.626.280<\/strong><br \/>\nPour toute communication, veuillez noter que la soci\u00e9t\u00e9 de services externes VFS Global est aussi joignable par <strong>e-mail <\/strong>en remplissant le formulaire disponible au <a href=\"https:\/\/visa.vfsglobal.com\/mar\/en\/ita\/contact-us\">lien<\/a> suivant.<\/p>\n<p><strong>Bureau Consulaire :<\/strong>\u00a0\u00a0\u00a0\u00a0\u00a0\u00a0\u00a0\u00a0\u00a0\u00a0\u00a0\u00a0 <strong>+212.537.219.7.33\/36<\/strong>\u00a0\u00a0\u00a0\u00a0\u00a0\u00a0<a href=\"mailto:consolare.rabat@esteri.it\">consolare.rabat@esteri.it<\/a>\u00a0(NON VISAS)<\/p>\n<p>Horaires d&rsquo;ouverture du bureau consulaire au public\u00a0:<br \/>\n<strong>Mardi, mercredi et jeudi de 10h00 \u00e0 13h00<\/strong><\/p>\n<p>Pour demander un rendez-vous au Bureau Consulaire, vous devez r\u00e9server en ligne en utilisant le service <a href=\"https:\/\/prenotami.esteri.it\/\">PRENOT@MI<\/a>.<\/p>\n<p><strong>Vous devez confirmer votre rendez-vous 10 \u00e0 3 jours avant la date s\u00e9lectionn\u00e9e, sinon il sera annul\u00e9\/expir\u00e9.<\/strong><\/p>\n<p><strong>Bureau Comptable <\/strong>:\u00a0\u00a0\u00a0\u00a0\u00a0\u00a0\u00a0\u00a0\u00a0\u00a0\u00a0\u00a0 <strong>+212.537.219.751\/52\u00a0\u00a0\u00a0\u00a0 <\/strong><a href=\"mailto:contabilita.rabat@esteri.it\">contabilita.rabat@esteri.it<\/a><\/p>\n<p><strong>Bureau Coop\u00e9ration<\/strong>:\u00a0\u00a0\u00a0\u00a0\u00a0\u00a0\u00a0\u00a0\u00a0\u00a0 <strong>+212.537.219.753<\/strong>\u00a0\u00a0\u00a0\u00a0\u00a0 \u00a0\u00a0\u00a0 <a href=\"mailto:cooperazione.rabat@esteri.it\">cooperazione.rabat@esteri.it<\/a><\/p>\n<p><strong>Institut national pour le Commerce Ext\u00e9rieur (ICE Casablanca)<br \/>\n<\/strong>62, Boulevard d\u2019Anfa (angle Bd. Moulay Youssef) Immeuble Bad Abdelaziz<br \/>\n20020 Casablanca<\/p>\n<p>E-mail:\u00a0\u00a0\u00a0\u00a0\u00a0\u00a0\u00a0\u00a0\u00a0\u00a0\u00a0 <a href=\"mailto:casablanca@ice.it\">casablanca@ice.it<\/a><br \/>\nSite web:\u00a0\u00a0\u00a0\u00a0\u00a0 \u00a0\u00a0 <a href=\"https:\/\/www.ice.it\/it\/mercati\/marocco\">https:\/\/www.ice.it\/it\/mercati\/marocco<\/a><\/p>\n<p>T\u00e9l.:\u00a0\u00a0\u00a0\u00a0 +<strong>212.522.224.992<br \/>\n<\/strong>\u00a0\u00a0\u00a0\u00a0\u00a0\u00a0\u00a0\u00a0\u00a0\u00a0\u00a0\u00a0 +<strong>212.522.224.994<br \/>\n<\/strong>\u00a0\u00a0\u00a0\u00a0\u00a0\u00a0\u00a0\u00a0\u00a0\u00a0\u00a0\u00a0 +<strong>212.522.249.95\/4996<br \/>\n<\/strong>Fax:\u00a0\u00a0\u00a0\u00a0\u00a0 <strong>+212.522.274.952<br \/>\n<\/strong>Horaires d&rsquo;ouverture au public\u00a0: <strong>Lundi<\/strong><strong>\u00a0 \u2013 Jeudi\u00a0de 08h30 \u00e0 16h30<\/strong><br \/>\n<strong>Vendredi\u00a0: de 08h30 \u00e0 14h00<\/strong><\/p>\n<p><strong>Bureau de l\u2019Attach\u00e9 pour la D\u00e9fense<br \/>\n<\/strong>40 Avenue des Nations Unies \u2013 Agdal, Rabat<br \/>\nT\u00e9l.:\u00a0\u00a0\u00a0\u00a0\u00a0\u00a0\u00a0<strong>+212.537.672211<br \/>\n<\/strong>Fax:\u00a0\u00a0\u00a0\u00a0\u00a0\u00a0\u00a0<strong>+212.537.675295<br \/>\n<\/strong>e-mail:\u00a0\u00a0\u00a0<a href=\"mailto:difeitalia.rabat@smd.difesa.it\">difeitalia.rabat@smd.difesa.it<\/a><\/p>\n<p><strong>Institut Culturel Italien<\/strong><br \/>\n2bis, Avenue Ahmed El Yazidi (ex Rue de Mekn\u00e8s) \u2013 Hassan, Rabat<br \/>\nT\u00e9l.:\u00a0\u00a0\u00a0\u00a0\u00a0\u00a0\u00a0<strong>+212.537.7668\/47<br \/>\n<\/strong>Fax:\u00a0\u00a0\u00a0\u00a0\u00a0\u00a0 <strong>+212.537.766856<br \/>\n<\/strong>Site web:\u00a0\u00a0\u00a0\u00a0\u00a0\u00a0\u00a0 <a href=\"https:\/\/iicrabat.esteri.it\/it\/\">https:\/\/iicrabat.esteri.it\/it\/<\/a><br \/>\ne-mail:\u00a0\u00a0\u00a0 \u00a0\u00a0\u00a0\u00a0\u00a0\u00a0\u00a0 <a href=\"mailto:iicrabat@esteri.it\">iicrabat@esteri.it<\/a><\/p>\n<p>Note sur la num\u00e9rotation t\u00e9l\u00e9phonique:<\/p>\n<p><strong>Qui appelle depuis l&rsquo;Italie doit composer le<\/strong><\/p>\n<ul>\n<li>Pr\u00e9fixe international du Maroc : 00212<\/li>\n<li>Pr\u00e9fixe local SANS le zero\u00a0: p. ex. 537 pour Rabat<\/li>\n<li>Num\u00e9ro de t\u00e9l\u00e9phone souhait\u00e9: p. ex. 219\u00a0730 r\u00e9sultat: 00212 537 267\u00a0604<\/li>\n<\/ul>\n<p><strong>Qui appelle depuis le Maroc doit composer le<\/strong><\/p>\n<ul>\n<li>Pr\u00e9fixe local avec le zero: p. ex 0537 pour Rabat<\/li>\n<li>Num\u00e9ro de t\u00e9l\u00e9phone souhait\u00e9: p.ex. 219\u00a0730 r\u00e9sultat: 0537 267\u00a0604<\/li>\n<\/ul>\n","protected":false},"excerpt":{"rendered":"Standard :\u00a0 \u00a0 \u00a0 \u00a0 \u00a0 \u00a0 \u00a0 \u00a0 \u00a0 \u00a0 \u00a0 \u00a0 \u00a0 \u00a0 \u00a0 \u00a0 \u00a0 +212.537.267.604 Secr\u00e9tariat de l\u2019Ambassadeur:\u00a0\u00a0\u00a0\u00a0\u00a0\u00a0 +212.537.219.760\/61\u00a0\u00a0\u00a0\u00a0\u00a0\u00a0\u00a0\u00a0\u00a0\u00a0segreteria.rabat@esteri.it Bureau Commercial :\u00a0\u00a0\u00a0\u00a0 \u00a0\u00a0\u00a0\u00a0 \u00a0+212.537.219.762\u00a0\u00a0\u00a0\u00a0\u00a0\u00a0\u00a0\u00a0\u00a0\u00a0\u00a0\u00a0\u00a0\u00a0\u00a0\u00a0 \u00a0\u00a0\u00a0\u00a0\u00a0\u00a0\u00a0\u00a0\u00a0\u00a0\u00a0 \u00a0\u00a0 commerciale.rabat@esteri.it Bureau des Visas\u00a0:\u00a0\u00a0\u00a0\u00a0\u00a0\u00a0\u00a0\u00a0\u00a0 \u00a0\u00a0\u00a0\u00a0\u00a0 \u00a0+212.537.219.740\/41\u00a0\u00a0\u00a0\u00a0\u00a0\u00a0\u00a0\u00a0\u00a0\u00a0\u00a0\u00a0\u00a0\u00a0\u00a0\u00a0\u00a0\u00a0\u00a0\u00a0\u00a0\u00a0\u00a0 visa.rabat@esteri.it Pour plus d&rsquo;informations sur les visas, veuillez contacter VFS GLOBAL\u00a0 \u00a0 \u00a0 \u00a0 \u00a0 \u00a0 \u00a0 \u00a0 \u00a0 [&hellip;]","protected":false},"author":1,"featured_media":0,"parent":148,"menu_order":4,"comment_status":"closed","ping_status":"closed","template":"","meta":{"footnotes":""},"class_list":["post-151","page","type-page","status-publish","hentry"],"_links":{"self":[{"href":"https:\/\/ambrabat.esteri.it\/fr\/wp-json\/wp\/v2\/pages\/151","targetHints":{"allow":["GET"]}}],"collection":[{"href":"https:\/\/ambrabat.esteri.it\/fr\/wp-json\/wp\/v2\/pages"}],"about":[{"href":"https:\/\/ambrabat.esteri.it\/fr\/wp-json\/wp\/v2\/types\/page"}],"author":[{"embeddable":true,"href":"https:\/\/ambrabat.esteri.it\/fr\/wp-json\/wp\/v2\/users\/1"}],"replies":[{"embeddable":true,"href":"https:\/\/ambrabat.esteri.it\/fr\/wp-json\/wp\/v2\/comments?post=151"}],"version-history":[{"count":3,"href":"https:\/\/ambrabat.esteri.it\/fr\/wp-json\/wp\/v2\/pages\/151\/revisions"}],"predecessor-version":[{"id":2814,"href":"https:\/\/ambrabat.esteri.it\/fr\/wp-json\/wp\/v2\/pages\/151\/revisions\/2814"}],"up":[{"embeddable":true,"href":"https:\/\/ambrabat.esteri.it\/fr\/wp-json\/wp\/v2\/pages\/148"}],"wp:attachment":[{"href":"https:\/\/ambrabat.esteri.it\/fr\/wp-json\/wp\/v2\/media?parent=151"}],"curies":[{"name":"wp","href":"https:\/\/api.w.org\/{rel}","templated":true}]}}