{"id":191,"date":"2023-04-11T17:09:11","date_gmt":"2023-04-11T16:09:11","guid":{"rendered":"https:\/\/ambrabat.esteri.it\/news\/"},"modified":"2023-10-23T14:48:11","modified_gmt":"2023-10-23T13:48:11","slug":"news","status":"publish","type":"page","link":"https:\/\/ambrabat.esteri.it\/fr\/news\/","title":{"rendered":"Nouvelles"},"content":{"rendered":"        <div class=\"row\">\n\t\t\t<!-- Ricerca sedi post -->\n\t\t\t<div class=\"col-12 mt-4\">\n\t\t\t  <div class=\"callout callout-highlight note ricerca-esteri p-4\">\n                    <div class=\"callout-title\">\n                        <svg class=\"icon\">\n                            <use xlink:href=\"https:\/\/ambrabat.esteri.it\/wp-content\/themes\/sedi-tema\/assets\/svg\/sprites.svg#it-search\"><\/use>\n                        <\/svg>Entrez vos param\u00e8tres de recherche                    <\/div>\n                    <form id=\"searchFormPost\" name=\"form-search-post\" class=\"form-row align-items-center\" action=\"https:\/\/ambrabat.esteri.it\/fr\/wp-json\/wp\/v2\/pages\/191\/\" method=\"GET\"> \n                        <!-- <div class=\"form-group pt-5\"> -->\n                            <!-- <input type=\"hidden\" id=\"lang\" name=\"lang\" value=\"\"> --> <!-- <\/div> -->\n\n                        <div class=\"it-datepicker-wrapper\">\n                            <div class=\"row\">\n                                <div class=\"form-group col-md-6\">\n                                    <label class=\"active\" for=\"date-init\">Du<\/label>\n                                    <input class=\"form-control\" name=\"date-init\" id=\"date-init\" type=\"date\" placeholder=\"gg\/mm\/aaaa\" value=\"\"lang=\"en-EN\">  \n                                <\/div>\n                                <div class=\"form-group col-md-6\">\n                                    <label class=\"active\" for=\"date-end\">Au<\/label>\n                                    <input class=\"form-control\" name=\"date-end\" id=\"date-end\" type=\"date\" placeholder=\"gg\/mm\/aaaa\" value=\"\">\n                                <\/div>\n                            <\/div>\n                        <\/div>\n                        <div class=\"form-group col-md-12 mt-3\">\n                            <label for=\"searchText\">Champ de recherche gratuit<\/label>\n                            <input type=\"text\" name=\"searchText\" class=\"form-control\" id=\"searchText\" value=\"\">\n                        <\/div>\n                        <div class=\"form-group col-md-4 offset-md-8 text-end\">\n                            <a href=\"https:\/\/ambrabat.esteri.it\/fr\/news\/\" title=\"Form reset\" id=\"resetImput\" class=\"btn btn-outline-primary btn-xs\">Reset<\/a>\n                            <button type=\"submit\" class=\"btn btn-primary btn-xs\">Montrer les r\u00e9sultats<\/button>\n                        <\/div>\n                    <\/form>\n\t\t\t\t<\/div>\n\t\t\t<\/div>\n\t\t<\/div>\n                    \n            <div class=\"row\">\n                            <div class=\"col-12 mt-3\">\n                <!--start card-->\n                <div class=\"card-wrapper card-space\">\n                    <div class=\"card card-bg card-big border-bottom-card\">\n                        <div class=\"card-body \">\n                                                        <div class=\"category-top\">\n                                                                                                            <span class=\"\">\n                                        <svg class=\"icon icon-secondary\">\n                                            <use xlink:href=\"https:\/\/ambrabat.esteri.it\/wp-content\/themes\/sedi-tema\/assets\/svg\/sprites.svg#it-calendar\"><\/use>\n                                        <\/svg> 30 avril 2026                                    <\/span>\n                                                                    <\/div>\n                            <h5 class=\"card-title big-heading text-uppercase\"><a class=\"text-body text-decoration-none\" href=\"https:\/\/ambrabat.esteri.it\/fr\/news\/dall_ambasciata\/2026\/04\/communique-de-presse-litalie-au-siel-de-rabat-dans-lannee-de-rabat-capitale-mondiale-du-livre-2026\/\" title=\"COMMUNIQU\u00c9 DE PRESSE &#8211; L\u2019Italie au SIEL de Rabat dans l\u2019ann\u00e9e de Rabat Capitale mondiale du livre 2026\">COMMUNIQU\u00c9 DE PRESSE &#8211; L\u2019Italie au SIEL de Rabat dans l\u2019ann\u00e9e de Rabat Capitale mondiale du livre 2026<\/a><\/h5>\n                            <p class=\"card-text\">L\u2019Ambassade d\u2019Italie au Maroc et l\u2019Institut Culturel Italien de Rabat annoncent la participation italienne au Salon International de l\u2019\u00c9dition et du Livre, qui se tiendra \u00e0 Rabat du 1er au 9 mai, dans une ann\u00e9e particuli\u00e8rement significative pour la capitale marocaine, d\u00e9sign\u00e9e Capitale mondiale du livre 2026 par l\u2019UNESCO. Dans ce contexte, la pr\u00e9sence italienne [&hellip;]<\/p>\n                                <a title=\"COMMUNIQU\u00c9 DE PRESSE &#8211; L\u2019Italie au SIEL de Rabat dans l\u2019ann\u00e9e de Rabat Capitale mondiale du livre 2026\" class=\"read-more\" href=\"https:\/\/ambrabat.esteri.it\/fr\/news\/dall_ambasciata\/2026\/04\/communique-de-presse-litalie-au-siel-de-rabat-dans-lannee-de-rabat-capitale-mondiale-du-livre-2026\/\">\n                                    <span class=\"text\">Lire la suite<\/span>\n                                    <svg class=\"icon\">\n                                    <use xlink:href=\"https:\/\/ambrabat.esteri.it\/wp-content\/themes\/sedi-tema\/assets\/svg\/sprites.svg#it-arrow-right\"><\/use>\n                                    <\/svg>\n                                <\/a>\n                                                    <\/div>\n                    <\/div>\n                <\/div>\n                <!--end card-->\n                <\/div><!-- col-12 .mt-3-->\n                            <div class=\"col-12 mt-3\">\n                <!--start card-->\n                <div class=\"card-wrapper card-space\">\n                    <div class=\"card card-bg card-big border-bottom-card\">\n                        <div class=\"card-body \">\n                                                        <div class=\"category-top\">\n                                                                                                            <span class=\"\">\n                                        <svg class=\"icon icon-secondary\">\n                                            <use xlink:href=\"https:\/\/ambrabat.esteri.it\/wp-content\/themes\/sedi-tema\/assets\/svg\/sprites.svg#it-calendar\"><\/use>\n                                        <\/svg> 1 avril 2026                                    <\/span>\n                                                                    <\/div>\n                            <h5 class=\"card-title big-heading text-uppercase\"><a class=\"text-body text-decoration-none\" href=\"https:\/\/ambrabat.esteri.it\/fr\/news\/dall_ambasciata\/2026\/04\/diffusion-de-lappel-a-projets-soutien-aux-activites-culturelles-et-interculturelles-a-matera-et-tetouan\/\" title=\"DIFFUSION DE L\u2019APPEL \u00c0 PROJETS \u201cSOUTIEN AUX ACTIVIT\u00c9S CULTURELLES ET INTERCULTURELLES \u00c0 MATERA ET T\u00c9TOUAN\u201d\">DIFFUSION DE L\u2019APPEL \u00c0 PROJETS \u201cSOUTIEN AUX ACTIVIT\u00c9S CULTURELLES ET INTERCULTURELLES \u00c0 MATERA ET T\u00c9TOUAN\u201d<\/a><\/h5>\n                            <p class=\"card-text\">La Fondation Anna Lindh lance un appel \u00e0 projets pour soutenir des activit\u00e9s culturelles et interculturelles \u00e0 Matera et T\u00e9touan, dans le cadre du programme \u00ab\u00a0Mediterranean Capitals of Culture and Dialogue 2026\u00a0\u00bb. L\u2019initiative vise \u00e0 soutenir des projets culturels innovants, entre juin et ao\u00fbt 2026, qui d\u00e9montrent comment la culture peut rapprocher les personnes, valoriser [&hellip;]<\/p>\n                                <a title=\"DIFFUSION DE L\u2019APPEL \u00c0 PROJETS \u201cSOUTIEN AUX ACTIVIT\u00c9S CULTURELLES ET INTERCULTURELLES \u00c0 MATERA ET T\u00c9TOUAN\u201d\" class=\"read-more\" href=\"https:\/\/ambrabat.esteri.it\/fr\/news\/dall_ambasciata\/2026\/04\/diffusion-de-lappel-a-projets-soutien-aux-activites-culturelles-et-interculturelles-a-matera-et-tetouan\/\">\n                                    <span class=\"text\">Lire la suite<\/span>\n                                    <svg class=\"icon\">\n                                    <use xlink:href=\"https:\/\/ambrabat.esteri.it\/wp-content\/themes\/sedi-tema\/assets\/svg\/sprites.svg#it-arrow-right\"><\/use>\n                                    <\/svg>\n                                <\/a>\n                                                    <\/div>\n                    <\/div>\n                <\/div>\n                <!--end card-->\n                <\/div><!-- col-12 .mt-3-->\n                            <div class=\"col-12 mt-3\">\n                <!--start card-->\n                <div class=\"card-wrapper card-space\">\n                    <div class=\"card card-bg card-big border-bottom-card\">\n                        <div class=\"card-body \">\n                                                        <div class=\"category-top\">\n                                                                                                            <span class=\"\">\n                                        <svg class=\"icon icon-secondary\">\n                                            <use xlink:href=\"https:\/\/ambrabat.esteri.it\/wp-content\/themes\/sedi-tema\/assets\/svg\/sprites.svg#it-calendar\"><\/use>\n                                        <\/svg> 19 mars 2026                                    <\/span>\n                                                                    <\/div>\n                            <h5 class=\"card-title big-heading text-uppercase\"><a class=\"text-body text-decoration-none\" href=\"https:\/\/ambrabat.esteri.it\/fr\/news\/dall_ambasciata\/2026\/03\/communique-de-presse-italian-design-day-2026-le-design-au-coeur-des-enjeux-de-regeneration-des-espaces-et-des-territoires\/\" title=\"COMMUNIQU\u00c9 DE PRESSE &#8211; Italian Design Day 2026 : le design au c\u0153ur des enjeux de r\u00e9g\u00e9n\u00e9ration des espaces et des territoires\">COMMUNIQU\u00c9 DE PRESSE &#8211; Italian Design Day 2026 : le design au c\u0153ur des enjeux de r\u00e9g\u00e9n\u00e9ration des espaces et des territoires<\/a><\/h5>\n                            <p class=\"card-text\">Tanger le 25 Mars 2026 &#8211; L\u2019Ambassade d\u2019Italie au Maroc organise, en partenariat avec l\u2019Agence Italienne pour le Commerce Ext\u00e9rieur, et avec la collaboration de l\u2019Institut Culturel Italien de Rabat, la dixi\u00e8me \u00e9dition de la Journ\u00e9e du Design Italien dans le Monde (Italian Design Day \u2013 IDD), initiative du r\u00e9seau diplomatique italien promue par le [&hellip;]<\/p>\n                                <a title=\"COMMUNIQU\u00c9 DE PRESSE &#8211; Italian Design Day 2026 : le design au c\u0153ur des enjeux de r\u00e9g\u00e9n\u00e9ration des espaces et des territoires\" class=\"read-more\" href=\"https:\/\/ambrabat.esteri.it\/fr\/news\/dall_ambasciata\/2026\/03\/communique-de-presse-italian-design-day-2026-le-design-au-coeur-des-enjeux-de-regeneration-des-espaces-et-des-territoires\/\">\n                                    <span class=\"text\">Lire la suite<\/span>\n                                    <svg class=\"icon\">\n                                    <use xlink:href=\"https:\/\/ambrabat.esteri.it\/wp-content\/themes\/sedi-tema\/assets\/svg\/sprites.svg#it-arrow-right\"><\/use>\n                                    <\/svg>\n                                <\/a>\n                                                    <\/div>\n                    <\/div>\n                <\/div>\n                <!--end card-->\n                <\/div><!-- col-12 .mt-3-->\n                            <div class=\"col-12 mt-3\">\n                <!--start card-->\n                <div class=\"card-wrapper card-space\">\n                    <div class=\"card card-bg card-big border-bottom-card\">\n                        <div class=\"card-body \">\n                                                        <div class=\"category-top\">\n                                                                                                            <span class=\"\">\n                                        <svg class=\"icon icon-secondary\">\n                                            <use xlink:href=\"https:\/\/ambrabat.esteri.it\/wp-content\/themes\/sedi-tema\/assets\/svg\/sprites.svg#it-calendar\"><\/use>\n                                        <\/svg> 19 mars 2026                                    <\/span>\n                                                                    <\/div>\n                            <h5 class=\"card-title big-heading text-uppercase\"><a class=\"text-body text-decoration-none\" href=\"https:\/\/ambrabat.esteri.it\/fr\/news\/dall_ambasciata\/2026\/03\/opportunite-15-bourses-detudes-pour-etudiants-internationaux-offertes-par-luniversite-g-dannunzio-de-chieti-pescara-annee-academique-2026-2027\/\" title=\"OPPORTUNITE&rsquo; &#8211; 15 bourses d\u2019\u00e9tudes pour \u00e9tudiants internationaux offertes par l\u2019Universit\u00e9 \u00ab G. d\u2019Annunzio \u00bb de Chieti-Pescara, ann\u00e9e acad\u00e9mique 2026\/2027\">OPPORTUNITE&rsquo; &#8211; 15 bourses d\u2019\u00e9tudes pour \u00e9tudiants internationaux offertes par l\u2019Universit\u00e9 \u00ab G. d\u2019Annunzio \u00bb de Chieti-Pescara, ann\u00e9e acad\u00e9mique 2026\/2027<\/a><\/h5>\n                            <p class=\"card-text\">L\u2019Universit\u00e9 des \u00c9tudes \u00ab G. d\u2019Annunzio \u00bb de Chieti-Pescara a publi\u00e9 un appel \u00e0 candidatures pour 15 bourses d\u2019\u00e9tudes destin\u00e9es sp\u00e9cifiquement aux \u00e9tudiants internationaux titulaires d\u2019un dipl\u00f4me obtenu \u00e0 l\u2019\u00e9tranger. 5 bourses sont r\u00e9serv\u00e9es aux \u00e9tudiants inscrits \u00e0 des programmes conjoints ou aux parcours Pathways INGENIUM, et 10 bourses sont destin\u00e9es aux \u00e9tudiants inscrits \u00e0 [&hellip;]<\/p>\n                                <a title=\"OPPORTUNITE&rsquo; &#8211; 15 bourses d\u2019\u00e9tudes pour \u00e9tudiants internationaux offertes par l\u2019Universit\u00e9 \u00ab G. d\u2019Annunzio \u00bb de Chieti-Pescara, ann\u00e9e acad\u00e9mique 2026\/2027\" class=\"read-more\" href=\"https:\/\/ambrabat.esteri.it\/fr\/news\/dall_ambasciata\/2026\/03\/opportunite-15-bourses-detudes-pour-etudiants-internationaux-offertes-par-luniversite-g-dannunzio-de-chieti-pescara-annee-academique-2026-2027\/\">\n                                    <span class=\"text\">Lire la suite<\/span>\n                                    <svg class=\"icon\">\n                                    <use xlink:href=\"https:\/\/ambrabat.esteri.it\/wp-content\/themes\/sedi-tema\/assets\/svg\/sprites.svg#it-arrow-right\"><\/use>\n                                    <\/svg>\n                                <\/a>\n                                                    <\/div>\n                    <\/div>\n                <\/div>\n                <!--end card-->\n                <\/div><!-- col-12 .mt-3-->\n                            <div class=\"col-12 mt-3\">\n                <!--start card-->\n                <div class=\"card-wrapper card-space\">\n                    <div class=\"card card-bg card-big border-bottom-card\">\n                        <div class=\"card-body \">\n                                                        <div class=\"category-top\">\n                                                                                                            <span class=\"\">\n                                        <svg class=\"icon icon-secondary\">\n                                            <use xlink:href=\"https:\/\/ambrabat.esteri.it\/wp-content\/themes\/sedi-tema\/assets\/svg\/sprites.svg#it-calendar\"><\/use>\n                                        <\/svg> 16 mars 2026                                    <\/span>\n                                                                    <\/div>\n                            <h5 class=\"card-title big-heading text-uppercase\"><a class=\"text-body text-decoration-none\" href=\"https:\/\/ambrabat.esteri.it\/fr\/news\/dall_ambasciata\/2026\/03\/avis-public-pour-la-presentation-des-manifestations-dinteret-a-participer-a-une-procedure-negociee-pour-lattribution-des-travaux-de-renovation-des-installations-et-des-travaux-de-construction-inte\/\" title=\"Avis public pour la pr\u00e9sentation des manifestations d&rsquo;int\u00e9r\u00eat \u00e0 participer \u00e0 une proc\u00e9dure n\u00e9goci\u00e9e pour l&rsquo;attribution des travaux de r\u00e9novation des installations et des travaux de construction int\u00e9rieurs de la r\u00e9sidence de l&rsquo;Ambassadeur d&rsquo;Italie au Royaume du Maroc\">Avis public pour la pr\u00e9sentation des manifestations d&rsquo;int\u00e9r\u00eat \u00e0 participer \u00e0 une proc\u00e9dure n\u00e9goci\u00e9e pour l&rsquo;attribution des travaux de r\u00e9novation des installations et des travaux de construction int\u00e9rieurs de la r\u00e9sidence de l&rsquo;Ambassadeur d&rsquo;Italie au Royaume du Maroc<\/a><\/h5>\n                            <p class=\"card-text\">L&rsquo;Ambassade d&rsquo;Italie \u00e0 Rabat doit mener une \u00e9tude de march\u00e9 afin d&rsquo;identifier les op\u00e9rateurs \u00e9conomiques \u00e0 inviter \u00e0 la proc\u00e9dure n\u00e9goci\u00e9e ult\u00e9rieure, conform\u00e9ment \u00e0 l&rsquo;article 10, paragraphe 1, et \u00e0 l&rsquo;article 7, paragraphe 2, lettre b) du d\u00e9cret minist\u00e9riel 192\/2017 pour les travaux de r\u00e9novation des installations et les travaux de construction int\u00e9rieurs de la [&hellip;]<\/p>\n                                <a title=\"Avis public pour la pr\u00e9sentation des manifestations d&rsquo;int\u00e9r\u00eat \u00e0 participer \u00e0 une proc\u00e9dure n\u00e9goci\u00e9e pour l&rsquo;attribution des travaux de r\u00e9novation des installations et des travaux de construction int\u00e9rieurs de la r\u00e9sidence de l&rsquo;Ambassadeur d&rsquo;Italie au Royaume du Maroc\" class=\"read-more\" href=\"https:\/\/ambrabat.esteri.it\/fr\/news\/dall_ambasciata\/2026\/03\/avis-public-pour-la-presentation-des-manifestations-dinteret-a-participer-a-une-procedure-negociee-pour-lattribution-des-travaux-de-renovation-des-installations-et-des-travaux-de-construction-inte\/\">\n                                    <span class=\"text\">Lire la suite<\/span>\n                                    <svg class=\"icon\">\n                                    <use xlink:href=\"https:\/\/ambrabat.esteri.it\/wp-content\/themes\/sedi-tema\/assets\/svg\/sprites.svg#it-arrow-right\"><\/use>\n                                    <\/svg>\n                                <\/a>\n                                                    <\/div>\n                    <\/div>\n                <\/div>\n                <!--end card-->\n                <\/div><!-- col-12 .mt-3-->\n                            <div class=\"col-12 mt-3\">\n                <!--start card-->\n                <div class=\"card-wrapper card-space\">\n                    <div class=\"card card-bg card-big border-bottom-card\">\n                        <div class=\"card-body \">\n                                                        <div class=\"category-top\">\n                                                                                                            <span class=\"\">\n                                        <svg class=\"icon icon-secondary\">\n                                            <use xlink:href=\"https:\/\/ambrabat.esteri.it\/wp-content\/themes\/sedi-tema\/assets\/svg\/sprites.svg#it-calendar\"><\/use>\n                                        <\/svg> 13 mars 2026                                    <\/span>\n                                                                    <\/div>\n                            <h5 class=\"card-title big-heading text-uppercase\"><a class=\"text-body text-decoration-none\" href=\"https:\/\/ambrabat.esteri.it\/fr\/news\/dall_ambasciata\/2026\/03\/bourses-detudes-offertes-par-le-gouvernement-italien-aux-etudiants-etrangers-et-aux-italiens-residant-a-letranger-ire\/\" title=\"Bourses d\u2019\u00e9tudes offertes par le Gouvernement italien aux \u00e9tudiants \u00e9trangers et aux Italiens r\u00e9sidant \u00e0 l\u2019\u00e9tranger (IRE)\">Bourses d\u2019\u00e9tudes offertes par le Gouvernement italien aux \u00e9tudiants \u00e9trangers et aux Italiens r\u00e9sidant \u00e0 l\u2019\u00e9tranger (IRE)<\/a><\/h5>\n                            <p class=\"card-text\">Le Minist\u00e8re des Affaires \u00e9trang\u00e8res et de la Coop\u00e9ration internationale (MAECI) offre des bourses d\u2019\u00e9tudes en faveur des \u00e9tudiants \u00e9trangers et des Italiens r\u00e9sidant \u00e0 l\u2019\u00e9tranger (IRE) pour l\u2019ann\u00e9e acad\u00e9mique 2026-2027, dans le but de promouvoir la coop\u00e9ration dans les domaines culturel, scientifique et technologique, le rayonnement du syst\u00e8me \u00e9conomique italien dans le monde ainsi [&hellip;]<\/p>\n                                <a title=\"Bourses d\u2019\u00e9tudes offertes par le Gouvernement italien aux \u00e9tudiants \u00e9trangers et aux Italiens r\u00e9sidant \u00e0 l\u2019\u00e9tranger (IRE)\" class=\"read-more\" href=\"https:\/\/ambrabat.esteri.it\/fr\/news\/dall_ambasciata\/2026\/03\/bourses-detudes-offertes-par-le-gouvernement-italien-aux-etudiants-etrangers-et-aux-italiens-residant-a-letranger-ire\/\">\n                                    <span class=\"text\">Lire la suite<\/span>\n                                    <svg class=\"icon\">\n                                    <use xlink:href=\"https:\/\/ambrabat.esteri.it\/wp-content\/themes\/sedi-tema\/assets\/svg\/sprites.svg#it-arrow-right\"><\/use>\n                                    <\/svg>\n                                <\/a>\n                                                    <\/div>\n                    <\/div>\n                <\/div>\n                <!--end card-->\n                <\/div><!-- col-12 .mt-3-->\n                            <div class=\"col-12 mt-3\">\n                <!--start card-->\n                <div class=\"card-wrapper card-space\">\n                    <div class=\"card card-bg card-big border-bottom-card\">\n                        <div class=\"card-body \">\n                                                        <div class=\"category-top\">\n                                                                                                            <span class=\"\">\n                                        <svg class=\"icon icon-secondary\">\n                                            <use xlink:href=\"https:\/\/ambrabat.esteri.it\/wp-content\/themes\/sedi-tema\/assets\/svg\/sprites.svg#it-calendar\"><\/use>\n                                        <\/svg> 6 mars 2026                                    <\/span>\n                                                                    <\/div>\n                            <h5 class=\"card-title big-heading text-uppercase\"><a class=\"text-body text-decoration-none\" href=\"https:\/\/ambrabat.esteri.it\/fr\/news\/dall_ambasciata\/2026\/03\/avis-de-sponsorisation-2026\/\" title=\"AVIS DE SPONSORISATION 2026\">AVIS DE SPONSORISATION 2026<\/a><\/h5>\n                            <p class=\"card-text\">L\u2019Ambassade d\u2019Italie \u00e0 Rabat invite toutes les parties int\u00e9ress\u00e9es \u00e0 manifester leur int\u00e9r\u00eat pour soutenir, par le biais de parrainages, l\u2019organisation d\u2019\u00e9v\u00e9nements et d\u2019initiatives culturelles promus par l\u2019Ambassade d\u2019Italie \u00e0 Rabat, ainsi que la F\u00eate Nationale Italienne 2026. L\u2019avis de manifestation d\u2019int\u00e9r\u00eat et le cahier des charges sont disponibles en pi\u00e8ce jointe.<\/p>\n                                <a title=\"AVIS DE SPONSORISATION 2026\" class=\"read-more\" href=\"https:\/\/ambrabat.esteri.it\/fr\/news\/dall_ambasciata\/2026\/03\/avis-de-sponsorisation-2026\/\">\n                                    <span class=\"text\">Lire la suite<\/span>\n                                    <svg class=\"icon\">\n                                    <use xlink:href=\"https:\/\/ambrabat.esteri.it\/wp-content\/themes\/sedi-tema\/assets\/svg\/sprites.svg#it-arrow-right\"><\/use>\n                                    <\/svg>\n                                <\/a>\n                                                    <\/div>\n                    <\/div>\n                <\/div>\n                <!--end card-->\n                <\/div><!-- col-12 .mt-3-->\n                            <div class=\"col-12 mt-3\">\n                <!--start card-->\n                <div class=\"card-wrapper card-space\">\n                    <div class=\"card card-bg card-big border-bottom-card\">\n                        <div class=\"card-body \">\n                                                        <div class=\"category-top\">\n                                                                                                            <span class=\"\">\n                                        <svg class=\"icon icon-secondary\">\n                                            <use xlink:href=\"https:\/\/ambrabat.esteri.it\/wp-content\/themes\/sedi-tema\/assets\/svg\/sprites.svg#it-calendar\"><\/use>\n                                        <\/svg> 3 mars 2026                                    <\/span>\n                                                                    <\/div>\n                            <h5 class=\"card-title big-heading text-uppercase\"><a class=\"text-body text-decoration-none\" href=\"https:\/\/ambrabat.esteri.it\/fr\/news\/dall_ambasciata\/2026\/03\/prolaw-master-in-rule-of-law-et-developpement-durable-avec-la-loyola-university-chicago-rome\/\" title=\"PROLAW : Master in Rule of Law et D\u00e9veloppement Durable avec la Loyola University Chicago (Rome)\">PROLAW : Master in Rule of Law et D\u00e9veloppement Durable avec la Loyola University Chicago (Rome)<\/a><\/h5>\n                            <p class=\"card-text\">La Loyola University Chicago School of Law a pr\u00e9sent\u00e9 le Rule of Law for Development Program (PROLAW), un programme international visant \u00e0 former des professionnels capables de relever les principaux d\u00e9fis mondiaux en renfor\u00e7ant l\u2019\u00e9tat de droit et en promouvant le d\u00e9veloppement durable. Le programme offre une formation avanc\u00e9e et pratique destin\u00e9e aux juristes et [&hellip;]<\/p>\n                                <a title=\"PROLAW : Master in Rule of Law et D\u00e9veloppement Durable avec la Loyola University Chicago (Rome)\" class=\"read-more\" href=\"https:\/\/ambrabat.esteri.it\/fr\/news\/dall_ambasciata\/2026\/03\/prolaw-master-in-rule-of-law-et-developpement-durable-avec-la-loyola-university-chicago-rome\/\">\n                                    <span class=\"text\">Lire la suite<\/span>\n                                    <svg class=\"icon\">\n                                    <use xlink:href=\"https:\/\/ambrabat.esteri.it\/wp-content\/themes\/sedi-tema\/assets\/svg\/sprites.svg#it-arrow-right\"><\/use>\n                                    <\/svg>\n                                <\/a>\n                                                    <\/div>\n                    <\/div>\n                <\/div>\n                <!--end card-->\n                <\/div><!-- col-12 .mt-3-->\n                            <div class=\"col-12 mt-3\">\n                <!--start card-->\n                <div class=\"card-wrapper card-space\">\n                    <div class=\"card card-bg card-big border-bottom-card\">\n                        <div class=\"card-body \">\n                                                        <div class=\"category-top\">\n                                                                                                            <span class=\"\">\n                                        <svg class=\"icon icon-secondary\">\n                                            <use xlink:href=\"https:\/\/ambrabat.esteri.it\/wp-content\/themes\/sedi-tema\/assets\/svg\/sprites.svg#it-calendar\"><\/use>\n                                        <\/svg> 24 f\u00e9vrier 2026                                    <\/span>\n                                                                    <\/div>\n                            <h5 class=\"card-title big-heading text-uppercase\"><a class=\"text-body text-decoration-none\" href=\"https:\/\/ambrabat.esteri.it\/fr\/news\/dall_ambasciata\/2026\/02\/delivrance-des-duplicata-referendum-confirmatif-constitutionnel-22-et-23-mars-2026\/\" title=\"D\u00e9livrance des duplicata &#8211; R\u00e9f\u00e9rendum Confirmatif Constitutionnel &#8211; 22 et 23 Mars 2026\">D\u00e9livrance des duplicata &#8211; R\u00e9f\u00e9rendum Confirmatif Constitutionnel &#8211; 22 et 23 Mars 2026<\/a><\/h5>\n                            <p class=\"card-text\">Il est port\u00e9 \u00e0 la connaissance que \u00c0 PARTIR DU DIMANCHE 8 MARS 2026, les \u00e9lecteurs qui n\u2019auraient pas re\u00e7u le pli \u00e9lectoral pour le vote par correspondance \u00e0 l\u2019occasion du r\u00e9f\u00e9rendum constitutionnel des 22 et 23 mars \u00e0 leur adresse de r\u00e9sidence pourront en demander un DUPLICATA\u00a0aupr\u00e8s de l\u2019Ambassade d\u2019Italie \u00e0 Rabat. La demande [&hellip;]<\/p>\n                                <a title=\"D\u00e9livrance des duplicata &#8211; R\u00e9f\u00e9rendum Confirmatif Constitutionnel &#8211; 22 et 23 Mars 2026\" class=\"read-more\" href=\"https:\/\/ambrabat.esteri.it\/fr\/news\/dall_ambasciata\/2026\/02\/delivrance-des-duplicata-referendum-confirmatif-constitutionnel-22-et-23-mars-2026\/\">\n                                    <span class=\"text\">Lire la suite<\/span>\n                                    <svg class=\"icon\">\n                                    <use xlink:href=\"https:\/\/ambrabat.esteri.it\/wp-content\/themes\/sedi-tema\/assets\/svg\/sprites.svg#it-arrow-right\"><\/use>\n                                    <\/svg>\n                                <\/a>\n                                                    <\/div>\n                    <\/div>\n                <\/div>\n                <!--end card-->\n                <\/div><!-- col-12 .mt-3-->\n                            <div class=\"col-12 mt-3\">\n                <!--start card-->\n                <div class=\"card-wrapper card-space\">\n                    <div class=\"card card-bg card-big border-bottom-card\">\n                        <div class=\"card-body \">\n                                                        <div class=\"category-top\">\n                                                                                                            <span class=\"\">\n                                        <svg class=\"icon icon-secondary\">\n                                            <use xlink:href=\"https:\/\/ambrabat.esteri.it\/wp-content\/themes\/sedi-tema\/assets\/svg\/sprites.svg#it-calendar\"><\/use>\n                                        <\/svg> 12 f\u00e9vrier 2026                                    <\/span>\n                                                                    <\/div>\n                            <h5 class=\"card-title big-heading text-uppercase\"><a class=\"text-body text-decoration-none\" href=\"https:\/\/ambrabat.esteri.it\/fr\/news\/dall_ambasciata\/2026\/02\/communique-de-presse-romeo-et-juliette-le-balletto-di-milano-au-theatre-national-mohammed-v-de-rabat\/\" title=\"COMMUNIQU\u00c9 DE PRESSE &#8211; ROM\u00c9O ET JULIETTE &#8211; Le Balletto di Milano au Th\u00e9\u00e2tre National Mohammed V de Rabat\">COMMUNIQU\u00c9 DE PRESSE &#8211; ROM\u00c9O ET JULIETTE &#8211; Le Balletto di Milano au Th\u00e9\u00e2tre National Mohammed V de Rabat<\/a><\/h5>\n                            <p class=\"card-text\">Quand la danse donne corps \u00e0 la plus grande trag\u00e9die amoureuse Le dimanche 15 f\u00e9vrier 2026 \u00e0 19h00, le Th\u00e9\u00e2tre National Mohammed V de Rabat ouvrira sa sc\u00e8ne \u00e0 l\u2019une des \u0153uvres les plus universelles du r\u00e9pertoire artistique mondial : Rom\u00e9o et Juliette, dans une interpr\u00e9tation chor\u00e9graphique sign\u00e9e par le Balletto di Milano, compagnie italienne [&hellip;]<\/p>\n                                <a title=\"COMMUNIQU\u00c9 DE PRESSE &#8211; ROM\u00c9O ET JULIETTE &#8211; Le Balletto di Milano au Th\u00e9\u00e2tre National Mohammed V de Rabat\" class=\"read-more\" href=\"https:\/\/ambrabat.esteri.it\/fr\/news\/dall_ambasciata\/2026\/02\/communique-de-presse-romeo-et-juliette-le-balletto-di-milano-au-theatre-national-mohammed-v-de-rabat\/\">\n                                    <span class=\"text\">Lire la suite<\/span>\n                                    <svg class=\"icon\">\n                                    <use xlink:href=\"https:\/\/ambrabat.esteri.it\/wp-content\/themes\/sedi-tema\/assets\/svg\/sprites.svg#it-arrow-right\"><\/use>\n                                    <\/svg>\n                                <\/a>\n                                                    <\/div>\n                    <\/div>\n                <\/div>\n                <!--end card-->\n                <\/div><!-- col-12 .mt-3-->\n            \n            <div class=\"col-md-12 mt-4 pb-4\">\n                <nav class=\"navigation col-md-12\" aria-label=\"Navigation\">\n                    <h2 class=\"screen-reader-text visually-hidden\">Pagination<\/h2>\n                    <div class=\"nav-links\">\n                    <span aria-current=\"page\" class=\"page-numbers current\">1<\/span>\n<a class=\"page-numbers\" href=\"https:\/\/ambrabat.esteri.it\/fr\/wp-json\/wp\/v2\/pages\/191\/?pag=2\">2<\/a>\n<a class=\"page-numbers\" href=\"https:\/\/ambrabat.esteri.it\/fr\/wp-json\/wp\/v2\/pages\/191\/?pag=3\">3<\/a>\n<span class=\"page-numbers dots\">\u2026<\/span>\n<a class=\"page-numbers\" href=\"https:\/\/ambrabat.esteri.it\/fr\/wp-json\/wp\/v2\/pages\/191\/?pag=13\">13<\/a>\n<a class=\"next page-numbers\" href=\"https:\/\/ambrabat.esteri.it\/fr\/wp-json\/wp\/v2\/pages\/191\/?pag=2\"><svg class=\"icon icon-primary\"><use xlink:href=\"https:\/\/ambrabat.esteri.it\/wp-content\/themes\/sedi-tema\/assets\/svg\/sprites.svg#it-chevron-right\"><\/use><\/svg>\n                                    <span class=\"visually-hidden\">Page suivante<\/span><\/a>                    <\/div>\n                <\/nav>\n            <\/div>   <!--.col-md-12 -->\n              <\/div><!--.row -->\n              \n","protected":false},"excerpt":{"rendered":"","protected":false},"author":1,"featured_media":0,"parent":0,"menu_order":8,"comment_status":"closed","ping_status":"closed","template":"","meta":{"footnotes":""},"class_list":["post-191","page","type-page","status-publish","hentry"],"_links":{"self":[{"href":"https:\/\/ambrabat.esteri.it\/fr\/wp-json\/wp\/v2\/pages\/191","targetHints":{"allow":["GET"]}}],"collection":[{"href":"https:\/\/ambrabat.esteri.it\/fr\/wp-json\/wp\/v2\/pages"}],"about":[{"href":"https:\/\/ambrabat.esteri.it\/fr\/wp-json\/wp\/v2\/types\/page"}],"author":[{"embeddable":true,"href":"https:\/\/ambrabat.esteri.it\/fr\/wp-json\/wp\/v2\/users\/1"}],"replies":[{"embeddable":true,"href":"https:\/\/ambrabat.esteri.it\/fr\/wp-json\/wp\/v2\/comments?post=191"}],"version-history":[{"count":1,"href":"https:\/\/ambrabat.esteri.it\/fr\/wp-json\/wp\/v2\/pages\/191\/revisions"}],"predecessor-version":[{"id":231,"href":"https:\/\/ambrabat.esteri.it\/fr\/wp-json\/wp\/v2\/pages\/191\/revisions\/231"}],"wp:attachment":[{"href":"https:\/\/ambrabat.esteri.it\/fr\/wp-json\/wp\/v2\/media?parent=191"}],"curies":[{"name":"wp","href":"https:\/\/api.w.org\/{rel}","templated":true}]}}